{"version":"1.0","provider_name":"Mes Libellules","provider_url":"https:\/\/www.meslibellules.fr\/blog","author_name":"Beno\u00eet Guillon","author_url":"https:\/\/www.meslibellules.fr\/blog\/author\/tioneb\/","title":"Orthetrum cancellatum femelle : m\u00eame pas mal ! 2\/4 - Mes Libellules","type":"rich","width":600,"height":338,"html":"<blockquote class=\"wp-embedded-content\" data-secret=\"Oe5S4NPIpo\"><a href=\"https:\/\/www.meslibellules.fr\/blog\/2021\/02\/06\/orthetrum-cancellatum-femelle-meme-pas-mal\/\">Orthetrum cancellatum femelle : m\u00eame pas mal  !  2\/4<\/a><\/blockquote><iframe sandbox=\"allow-scripts\" security=\"restricted\" src=\"https:\/\/www.meslibellules.fr\/blog\/2021\/02\/06\/orthetrum-cancellatum-femelle-meme-pas-mal\/embed\/#?secret=Oe5S4NPIpo\" width=\"600\" height=\"338\" title=\"\u00ab\u00a0Orthetrum cancellatum femelle : m\u00eame pas mal  !  2\/4\u00a0\u00bb &#8212; Mes Libellules\" data-secret=\"Oe5S4NPIpo\" frameborder=\"0\" marginwidth=\"0\" marginheight=\"0\" scrolling=\"no\" class=\"wp-embedded-content\"><\/iframe><script>\n\/*! This file is auto-generated *\/\n!function(d,l){\"use strict\";l.querySelector&&d.addEventListener&&\"undefined\"!=typeof URL&&(d.wp=d.wp||{},d.wp.receiveEmbedMessage||(d.wp.receiveEmbedMessage=function(e){var t=e.data;if((t||t.secret||t.message||t.value)&&!\/[^a-zA-Z0-9]\/.test(t.secret)){for(var s,r,n,a=l.querySelectorAll('iframe[data-secret=\"'+t.secret+'\"]'),o=l.querySelectorAll('blockquote[data-secret=\"'+t.secret+'\"]'),c=new RegExp(\"^https?:$\",\"i\"),i=0;i<o.length;i++)o[i].style.display=\"none\";for(i=0;i<a.length;i++)s=a[i],e.source===s.contentWindow&&(s.removeAttribute(\"style\"),\"height\"===t.message?(1e3<(r=parseInt(t.value,10))?r=1e3:~~r<200&&(r=200),s.height=r):\"link\"===t.message&&(r=new URL(s.getAttribute(\"src\")),n=new URL(t.value),c.test(n.protocol))&&n.host===r.host&&l.activeElement===s&&(d.top.location.href=t.value))}},d.addEventListener(\"message\",d.wp.receiveEmbedMessage,!1),l.addEventListener(\"DOMContentLoaded\",function(){for(var e,t,s=l.querySelectorAll(\"iframe.wp-embedded-content\"),r=0;r<s.length;r++)(t=(e=s[r]).getAttribute(\"data-secret\"))||(t=Math.random().toString(36).substring(2,12),e.src+=\"#?secret=\"+t,e.setAttribute(\"data-secret\",t)),e.contentWindow.postMessage({message:\"ready\",secret:t},\"*\")},!1)))}(window,document);\n\/\/# sourceURL=https:\/\/www.meslibellules.fr\/blog\/wp-includes\/js\/wp-embed.min.js\n<\/script>\n","description":"Lorsque j&rsquo;ai observ\u00e9 cette tr\u00e8s jeune femelle sur le Canal du Bodon \u00e0 Saint Br\u00e9vin les Pins, je ne me suis pas tout de suite rendu compte que son aile post\u00e9rieure gauche \u00e9tait aussi abim\u00e9e. Aussi, pour mieux voir l&rsquo;\u00e9tendu des d\u00e9g\u00e2ts j&rsquo;en ai fait le tour, et j&rsquo;ai constat\u00e9 l&rsquo;importance de la malformation, certainement [&hellip;]","thumbnail_url":"http:\/\/www.meslibellules.fr\/blog\/wp-content\/uploads\/orthetrum-cancellatum-ailes-abimees.jpg"}