{"version":"1.0","provider_name":"Mes Libellules","provider_url":"https:\/\/www.meslibellules.fr\/blog","author_name":"Beno\u00eet Guillon","author_url":"https:\/\/www.meslibellules.fr\/blog\/author\/tioneb\/","title":"Lestes virens femelle 4\/4 - Mes Libellules","type":"rich","width":600,"height":338,"html":"<blockquote class=\"wp-embedded-content\" data-secret=\"rRJodZFEYA\"><a href=\"https:\/\/www.meslibellules.fr\/blog\/2021\/08\/17\/lestes-virens-femelle-4\/\">Lestes virens femelle 4\/4<\/a><\/blockquote><iframe sandbox=\"allow-scripts\" security=\"restricted\" src=\"https:\/\/www.meslibellules.fr\/blog\/2021\/08\/17\/lestes-virens-femelle-4\/embed\/#?secret=rRJodZFEYA\" width=\"600\" height=\"338\" title=\"\u00ab\u00a0Lestes virens femelle 4\/4\u00a0\u00bb &#8212; Mes Libellules\" data-secret=\"rRJodZFEYA\" frameborder=\"0\" marginwidth=\"0\" marginheight=\"0\" scrolling=\"no\" class=\"wp-embedded-content\"><\/iframe><script>\n\/*! This file is auto-generated *\/\n!function(d,l){\"use strict\";l.querySelector&&d.addEventListener&&\"undefined\"!=typeof URL&&(d.wp=d.wp||{},d.wp.receiveEmbedMessage||(d.wp.receiveEmbedMessage=function(e){var t=e.data;if((t||t.secret||t.message||t.value)&&!\/[^a-zA-Z0-9]\/.test(t.secret)){for(var s,r,n,a=l.querySelectorAll('iframe[data-secret=\"'+t.secret+'\"]'),o=l.querySelectorAll('blockquote[data-secret=\"'+t.secret+'\"]'),c=new RegExp(\"^https?:$\",\"i\"),i=0;i<o.length;i++)o[i].style.display=\"none\";for(i=0;i<a.length;i++)s=a[i],e.source===s.contentWindow&&(s.removeAttribute(\"style\"),\"height\"===t.message?(1e3<(r=parseInt(t.value,10))?r=1e3:~~r<200&&(r=200),s.height=r):\"link\"===t.message&&(r=new URL(s.getAttribute(\"src\")),n=new URL(t.value),c.test(n.protocol))&&n.host===r.host&&l.activeElement===s&&(d.top.location.href=t.value))}},d.addEventListener(\"message\",d.wp.receiveEmbedMessage,!1),l.addEventListener(\"DOMContentLoaded\",function(){for(var e,t,s=l.querySelectorAll(\"iframe.wp-embedded-content\"),r=0;r<s.length;r++)(t=(e=s[r]).getAttribute(\"data-secret\"))||(t=Math.random().toString(36).substring(2,12),e.src+=\"#?secret=\"+t,e.setAttribute(\"data-secret\",t)),e.contentWindow.postMessage({message:\"ready\",secret:t},\"*\")},!1)))}(window,document);\n\/\/# sourceURL=https:\/\/www.meslibellules.fr\/blog\/wp-includes\/js\/wp-embed.min.js\n<\/script>\n","description":"Cela faisait des ann\u00e9es que je n&rsquo;avais pas photographi\u00e9 de femelle Lestes virens aussi je me suis d\u00e9cid\u00e9 \u00e0 r\u00e9parer cette lacune en me rendant dans les landes des \u00c9tangs des Bruy\u00e8res au Fuilet, un ensemble de milieux humides cr\u00e9\u00e9s par l&rsquo;abandon de site d&rsquo;extraction d&rsquo;argile.\u00c0 cette saison tous les sujets que je rencontrerai sont [&hellip;]","thumbnail_url":"https:\/\/www.meslibellules.fr\/blog\/wp-content\/uploads\/lestes-virens-femelle-8.webp","thumbnail_width":1895,"thumbnail_height":1204}