{"id":18979,"date":"2024-03-27T21:04:36","date_gmt":"2024-03-27T20:04:36","guid":{"rendered":"https:\/\/www.meslibellules.fr\/blog\/?page_id=18979"},"modified":"2025-10-18T19:23:34","modified_gmt":"2025-10-18T17:23:34","slug":"ischnura-pumilio","status":"publish","type":"page","link":"https:\/\/www.meslibellules.fr\/blog\/ischnura-pumilio\/","title":{"rendered":"Ischnura pumilio (Charpentier, 1825)"},"content":{"rendered":"\n<figure class=\"wp-block-image size-full is-resized\"><a href=\"https:\/\/www.meslibellules.fr\/blog\/wp-content\/uploads\/Ischnura-pumilio-male-2.webp\"><img decoding=\"async\" width=\"2039\" height=\"1004\" data-src=\"https:\/\/www.meslibellules.fr\/blog\/wp-content\/uploads\/Ischnura-pumilio-male-2.webp\" alt=\"Ischnura pumilio m\u00e2le, Beaupr\u00e9au (F-49), 18\/05\/2010\" class=\"wp-image-18982 lazyload\" style=\"--smush-placeholder-width: 2039px; --smush-placeholder-aspect-ratio: 2039\/1004;width:595px;height:auto\" data-srcset=\"https:\/\/www.meslibellules.fr\/blog\/wp-content\/uploads\/Ischnura-pumilio-male-2.webp 2039w, https:\/\/www.meslibellules.fr\/blog\/wp-content\/uploads\/Ischnura-pumilio-male-2-768x378.webp 768w, https:\/\/www.meslibellules.fr\/blog\/wp-content\/uploads\/Ischnura-pumilio-male-2-1536x756.webp 1536w\" data-sizes=\"(max-width: 2039px) 100vw, 2039px\" src=\"data:image\/svg+xml;base64,PHN2ZyB3aWR0aD0iMSIgaGVpZ2h0PSIxIiB4bWxucz0iaHR0cDovL3d3dy53My5vcmcvMjAwMC9zdmciPjwvc3ZnPg==\" \/><\/a><figcaption class=\"wp-element-caption\">Ischnura pumilio m\u00e2le (1), Beaupr\u00e9au (F-49), 18\/05\/2010<\/figcaption><\/figure>\n\n\n\n<h5><span style=\"text-decoration: underline;\">Description \u2013 Identification<\/span><\/h5>\n\n\n\n<p>Ischnura pumilio est le plus petit Coenagrionidae et le plus petit odonate de France, maintenant que Nehalennia speciosa est consid\u00e9r\u00e9 comme disparu. <br><strong>Les m\u00e2les<\/strong> mesurent entre 26 et 31 mm avec une aile post\u00e9rieure de 14 \u00e0 18 mm.  Sur les sujets matures, les yeux sont bleus en dessous, noirs au-dessus et la t\u00eate porte deux petites taches post oculaires rondes et bleues. Sur fond noir, le thorax porte une bande ante hum\u00e9rale bleue, alors que la partie inf\u00e9rieure du thorax est bleue. L&rsquo;abdomen est noir au-dessus \u00e0 l&rsquo;exception de la partie distale du 8\u00b0 segment et du neuvi\u00e8me (parfois marqu\u00e9 de noir) qui sont bleus. <\/p>\n\n\n\n<div class=\"wp-block-media-text is-stacked-on-mobile\" style=\"grid-template-columns:59% auto\"><figure class=\"wp-block-media-text__media\"><a href=\"https:\/\/www.meslibellules.fr\/blog\/wp-content\/uploads\/Ischnura-pumilio-vs-elegans.webp\"><img decoding=\"async\" width=\"1879\" height=\"1090\" data-src=\"https:\/\/www.meslibellules.fr\/blog\/wp-content\/uploads\/Ischnura-pumilio-vs-elegans.webp\" alt=\"Comparaison Ischnura pumilio \/ elegans \u2642\" class=\"wp-image-18984 size-full lazyload\" data-srcset=\"https:\/\/www.meslibellules.fr\/blog\/wp-content\/uploads\/Ischnura-pumilio-vs-elegans.webp 1879w, https:\/\/www.meslibellules.fr\/blog\/wp-content\/uploads\/Ischnura-pumilio-vs-elegans-768x446.webp 768w, https:\/\/www.meslibellules.fr\/blog\/wp-content\/uploads\/Ischnura-pumilio-vs-elegans-1536x891.webp 1536w\" data-sizes=\"(max-width: 1879px) 100vw, 1879px\" src=\"data:image\/svg+xml;base64,PHN2ZyB3aWR0aD0iMSIgaGVpZ2h0PSIxIiB4bWxucz0iaHR0cDovL3d3dy53My5vcmcvMjAwMC9zdmciPjwvc3ZnPg==\" style=\"--smush-placeholder-width: 1879px; --smush-placeholder-aspect-ratio: 1879\/1090;\" \/><\/a><\/figure><div class=\"wp-block-media-text__content\">\n<p style=\"font-size:14px\">C&rsquo;est donc un sosie du tr\u00e8s commun Ischnura elegans avec lequel il est souvent confondu ; il s&rsquo;en distingue facilement par la position du spot bleu sur l&rsquo;abdomen qui est sur le 9\u00b0 segment et non le 8\u00b0. Plus difficile \u00e0 observer sont les pt\u00e9rostigmas qui sont sp\u00e9cifiques de l&rsquo;esp\u00e8ce, ceux des ailes ant\u00e9rieures sont bicolores et nettement plus grands que ceux des ailes post\u00e9rieures.<br>Le bord post\u00e9rieur du pronotum de Ischnura pumilio n&rsquo;est pas redress\u00e9 comme celui d&rsquo;I. elegans.<\/p>\n<\/div><\/div>\n\n\n\n<div style=\"height:25px\" aria-hidden=\"true\" class=\"wp-block-spacer\"><\/div>\n\n\n\n<p>Les cas des <strong>femelles<\/strong> est plus difficile, car elles sont <a href=\"https:\/\/meslibellules.fr\/pagesweb\/divers\/glossaire.php\">polymorphes<\/a> et pr\u00e9sentent une forte \u00e9volution entre les stades juv\u00e9niles et matures. Si les jeunes femelles sont orange (forme dite \u00ab\u00a0aurantiaca), \u00e0 maturit\u00e9, elles sont bleues, vertes ou&#8230; orange. On a longtemps consid\u00e9r\u00e9 cette derni\u00e8re couleur comme une preuve d&rsquo;immaturit\u00e9, mais le nombre d&rsquo;observations d&rsquo;accouplements avec des femelles orange tend \u00e0 d\u00e9montrer l&rsquo;inverse.<br>Quelle que soit leur couleur, elles n&rsquo;ont <em>jamais<\/em> de spot sur S9 ou S8, elles n&rsquo;ont pas de bande ant\u00e9hum\u00e9rales noires, et comme les m\u00e2les, elles montrent des <a href=\"https:\/\/www.meslibellules.fr\/pagesweb\/coenagrionidae\/ischnura\/ischnura-pumilio\/ischnura-pumilio-femelle-4\/ischnura-pumilio-femelle-12big.jpg\">pt\u00e9rostigmas de taille tr\u00e8s diff\u00e9rente<\/a> entre les ailes ant\u00e9rieures et post\u00e9rieures.<br>Vertes ou bleues, voire bleu-vert avec des traces orange, elles portent ou non des taches postoculaires, qui, si pr\u00e9sentes, peuvent \u00eatre tr\u00e8s large.<br>On les identifie souvent par \u00e9limination des autres esp\u00e8ces et par leurs pt\u00e9rostigmas.<\/p>\n\n\n\n<figure class=\"wp-block-gallery has-nested-images columns-default is-cropped wp-block-gallery-1 is-layout-flex wp-block-gallery-is-layout-flex\">\n<figure class=\"wp-block-image size-full\"><a href=\"https:\/\/www.meslibellules.fr\/blog\/wp-content\/uploads\/Ischnura-pumilio-femelle-verte-scaled.jpg\"><img decoding=\"async\" width=\"2560\" height=\"1102\" data-id=\"18988\" data-src=\"https:\/\/www.meslibellules.fr\/blog\/wp-content\/uploads\/Ischnura-pumilio-femelle-verte-scaled.jpg\" alt=\"Ischnura pumilio femelle, La Barre de Monts (F-85), 12\/07\/2018\" class=\"wp-image-18988 lazyload\" data-srcset=\"https:\/\/www.meslibellules.fr\/blog\/wp-content\/uploads\/Ischnura-pumilio-femelle-verte-scaled.jpg 2560w, https:\/\/www.meslibellules.fr\/blog\/wp-content\/uploads\/Ischnura-pumilio-femelle-verte-768x331.webp 768w, https:\/\/www.meslibellules.fr\/blog\/wp-content\/uploads\/Ischnura-pumilio-femelle-verte-1536x661.webp 1536w, https:\/\/www.meslibellules.fr\/blog\/wp-content\/uploads\/Ischnura-pumilio-femelle-verte-2048x882.webp 2048w\" data-sizes=\"(max-width: 2560px) 100vw, 2560px\" src=\"data:image\/svg+xml;base64,PHN2ZyB3aWR0aD0iMSIgaGVpZ2h0PSIxIiB4bWxucz0iaHR0cDovL3d3dy53My5vcmcvMjAwMC9zdmciPjwvc3ZnPg==\" style=\"--smush-placeholder-width: 2560px; --smush-placeholder-aspect-ratio: 2560\/1102;\" \/><\/a><\/figure>\n\n\n\n<figure class=\"wp-block-image size-full\"><a href=\"https:\/\/www.meslibellules.fr\/blog\/wp-content\/uploads\/Ischnura-pumilio-femelle-bleue-scaled.jpg\"><img decoding=\"async\" width=\"2560\" height=\"1049\" data-id=\"18989\" data-src=\"https:\/\/www.meslibellules.fr\/blog\/wp-content\/uploads\/Ischnura-pumilio-femelle-bleue-scaled.jpg\" alt=\"Ischnura pumilio femelle bleue, Etang de Fougemagne (F-01), 09\/05\/2021\" class=\"wp-image-18989 lazyload\" data-srcset=\"https:\/\/www.meslibellules.fr\/blog\/wp-content\/uploads\/Ischnura-pumilio-femelle-bleue-scaled.jpg 2560w, https:\/\/www.meslibellules.fr\/blog\/wp-content\/uploads\/Ischnura-pumilio-femelle-bleue-768x315.webp 768w, https:\/\/www.meslibellules.fr\/blog\/wp-content\/uploads\/Ischnura-pumilio-femelle-bleue-1536x629.webp 1536w, https:\/\/www.meslibellules.fr\/blog\/wp-content\/uploads\/Ischnura-pumilio-femelle-bleue-2048x839.webp 2048w\" data-sizes=\"(max-width: 2560px) 100vw, 2560px\" src=\"data:image\/svg+xml;base64,PHN2ZyB3aWR0aD0iMSIgaGVpZ2h0PSIxIiB4bWxucz0iaHR0cDovL3d3dy53My5vcmcvMjAwMC9zdmciPjwvc3ZnPg==\" style=\"--smush-placeholder-width: 2560px; --smush-placeholder-aspect-ratio: 2560\/1049;\" \/><\/a><\/figure>\n<figcaption class=\"blocks-gallery-caption wp-element-caption\">Ischnura pumilio femelle (2), La Barre de Monts (F-85),  12\/07\/2018  &amp;  Etang de Fougemagne (3) (F-01), 09\/05\/2021<\/figcaption><\/figure>\n\n\n\n<h5><span style=\"text-decoration: underline;\">Habitat et distribution g\u00e9ographique<\/span><\/h5>\n\n\n\n<p>C&rsquo;est une esp\u00e8ce pionni\u00e8re sur les pi\u00e8ces d&rsquo;eau r\u00e9centes et encore pas ou tr\u00e8s peu v\u00e9g\u00e9talis\u00e9es, on les rencontre assez souvent sur les bassins d&rsquo;orage (photo 1), les carri\u00e8res abandonn\u00e9es (argili\u00e8res ou sabli\u00e8res dans ma r\u00e9gion). Elle fr\u00e9quente \u00e9galement les marais saum\u00e2tres (photo 2) ou les queux d&rsquo;\u00e9tangs (photo 3). Mais d\u00e8s que la v\u00e9g\u00e9tation s&rsquo;installe, les populations s&rsquo;affaiblissent et disparaissent au profit d&rsquo;autres esp\u00e8ces.<br>En France, l&rsquo;Agrion nain est peu commun, mais on peut le rencontrer dans tous les d\u00e9partements. Il est cependant plus facile de le contacter sur une zone s&rsquo;\u00e9tendant de l&rsquo;Atlantique (Loire-Atlantique au Pays-Basque) vers une large r\u00e9gion Rh\u00f4ne-Alpes.<br><a href=\"https:\/\/atlas-odonates.insectes.org\/odonates-de-france\/ischnura-pumilio\">Atlas Dynamique des Odonates de France<\/a><br>Sa distribution mondiale s&rsquo;\u00e9tend \u00e0 l&rsquo;ouest, de l&rsquo;Irlande et du sud-ouest de l&rsquo;Angleterre, au Maghreb au sud, au sud de la Scandinavie au nord, jusqu&rsquo;en Chine et Mongolie.<br><a href=\"https:\/\/www.iucnredlist.org\/species\/165525\/19160047#geographic-range\">IUCN Red List<\/a><\/p>\n\n\n\n<h5><span style=\"text-decoration: underline;\">P\u00e9riode de vol<\/span><\/h5>\n\n\n\n<p>De fin mars \u00e0 octobre dans le sud de la France ou l&rsquo;esp\u00e8ce peut \u00eatre <a href=\"https:\/\/meslibellules.fr\/pagesweb\/divers\/glossaire.php\" target=\"_blank\" rel=\"noreferrer noopener\">trivoltine<\/a>, de mai \u00e0 septembre dans le nord o\u00f9 elle est seulement <a href=\"https:\/\/meslibellules.fr\/pagesweb\/divers\/glossaire.php\" target=\"_blank\" rel=\"noreferrer noopener\">bivoltine<\/a> voire univoltine.<\/p>\n\n\n\n<figure class=\"wp-block-image size-full is-resized\"><a href=\"https:\/\/www.meslibellules.fr\/blog\/wp-content\/uploads\/Ischnura-pumilio-femelle-aurantiaca-scaled.jpg\"><img decoding=\"async\" width=\"2560\" height=\"1006\" data-src=\"https:\/\/www.meslibellules.fr\/blog\/wp-content\/uploads\/Ischnura-pumilio-femelle-aurantiaca-scaled.jpg\" alt=\"Agrion nain femelle aurantiaca, la Loubi\u00e8re (France-07), 14\/06\/2013\" class=\"wp-image-18987 lazyload\" style=\"--smush-placeholder-width: 2560px; --smush-placeholder-aspect-ratio: 2560\/1006;width:642px;height:auto\" data-srcset=\"https:\/\/www.meslibellules.fr\/blog\/wp-content\/uploads\/Ischnura-pumilio-femelle-aurantiaca-scaled.jpg 2560w, https:\/\/www.meslibellules.fr\/blog\/wp-content\/uploads\/Ischnura-pumilio-femelle-aurantiaca-768x302.webp 768w, https:\/\/www.meslibellules.fr\/blog\/wp-content\/uploads\/Ischnura-pumilio-femelle-aurantiaca-1536x604.webp 1536w, https:\/\/www.meslibellules.fr\/blog\/wp-content\/uploads\/Ischnura-pumilio-femelle-aurantiaca-2048x805.webp 2048w\" data-sizes=\"(max-width: 2560px) 100vw, 2560px\" src=\"data:image\/svg+xml;base64,PHN2ZyB3aWR0aD0iMSIgaGVpZ2h0PSIxIiB4bWxucz0iaHR0cDovL3d3dy53My5vcmcvMjAwMC9zdmciPjwvc3ZnPg==\" \/><\/a><figcaption class=\"wp-element-caption\">Ischnura pumilio (jeune) femelle aurantiaca, la Loubi\u00e8re (France-07), 14\/06\/2013<\/figcaption><\/figure>\n\n\n\n<h5><span style=\"text-decoration: underline;\">Comportement \u2013 \u00c9cologie<\/span><\/h5>\n\n\n\n<p>Les adultes s&rsquo;\u00e9cartent tr\u00e8s peu du lieu de leur naissance, sauf \u00e0 l&rsquo;aide des courants atmosph\u00e9riques qui leur permettent de coloniser des habitats adapt\u00e9s \u00e0 (grande) distance. On note d&rsquo;ailleurs depuis les derni\u00e8res d\u00e9cennies une nette expansion des populations vers le nord, certainement en lien avec le r\u00e9chauffement global.<br>L&rsquo;accouplement dure de 1 \u00e0 5 heures (1)  (\u00e0 peine moins que les 6 heures de leur cousin I. elegans). La femelle pond seule sur divers substrats. Les \u0153ufs \u00e9closent en 2 \u00e0 6 semaines selon la temp\u00e9rature.                                                                                                                                                                                                                                                                                           <\/p>\n\n\n\n<h5><span style=\"text-decoration: underline;\">\u00c9tymologie<\/span><\/h5>\n\n\n\n<p><strong>Ischnura<\/strong> du grec \u00ab\u00a0ischnos\u00a0\u00bb &#8211; fin, et de \u00ab\u00a0ura\u00a0\u00bb &#8211; queue, soit abdomen pour les insectes. Alors que cet odonate ne pr\u00e9sente pourtant pas un abdomen sensiblement plus fin que les autres Coenagrionidae.<br><strong>Pumilio<\/strong>, du latin \u00ab\u00a0pumilio\u00a0\u00bb &#8211; nain, car c&rsquo;\u00e9tait alors la plus petite esp\u00e8ce que connaissait Charpentier.<\/p>\n\n\n\n<div style=\"height:26px\" aria-hidden=\"true\" class=\"wp-block-spacer\"><\/div>\n\n\n\n<p style=\"font-size:13px\">1- <a href=\"https:\/\/www.researchgate.net\/publication\/254243522_Lifetime_mating_success_survivorship_and_synchronised_reproduction_in_the_damselfly_Ischnura_pumilio_Odonata_Coenagrionidae#fullTextFileContent\">Lifetime mating success, survivorship and synchronised reproduction in the Damselfly Ischnura pumilio<\/a> (Odonata : Coenagrionidae), Adolfo Cordero Rivera &amp; Jos\u00e9 Angel Andr\u00e9s Abad, International JOurnal of Odonatology 2 (1) : 105-114, 1999.<\/p>\n\n\n\n<div style=\"height:46px\" aria-hidden=\"true\" class=\"wp-block-spacer\"><\/div>\n\n\n\n<div class=\"wp-block-buttons is-layout-flex wp-block-buttons-is-layout-flex\">\n<div class=\"wp-block-button\"><a class=\"wp-block-button__link wp-element-button\" href=\"https:\/\/www.meslibellules.fr\/pagesweb\/coenagrionidae\/ischnura\/ischnura-pumilio\/ischnura-pumilio-male-emergent-1.php\">M\u00e2le \u00e9mergent<\/a><\/div>\n\n\n\n<div class=\"wp-block-button\"><a class=\"wp-block-button__link wp-element-button\" href=\"https:\/\/www.meslibellules.fr\/pagesweb\/coenagrionidae\/ischnura\/ischnura-pumilio\/pum_male1.php\">M\u00e2le<\/a><\/div>\n\n\n\n<div class=\"wp-block-button\"><a class=\"wp-block-button__link wp-element-button\" href=\"https:\/\/www.meslibellules.fr\/pagesweb\/coenagrionidae\/ischnura\/ischnura-pumilio\/ischnura-pumilio-femelle-emergente-1.php\">Femelle \u00e9mergente<\/a><\/div>\n\n\n\n<div class=\"wp-block-button\"><a class=\"wp-block-button__link wp-element-button\" href=\"https:\/\/www.meslibellules.fr\/pagesweb\/coenagrionidae\/ischnura\/ischnura-pumilio\/ischnura-pumilio-aurantiaca-1.php\">Femelle immature<\/a><\/div>\n\n\n\n<div class=\"wp-block-button\"><a class=\"wp-block-button__link wp-element-button\" href=\"https:\/\/www.meslibellules.fr\/pagesweb\/coenagrionidae\/ischnura\/ischnura-pumilio\/pum_femelle1.php\">Femelle<\/a><\/div>\n\n\n\n<div class=\"wp-block-button\"><a class=\"wp-block-button__link wp-element-button\" href=\"https:\/\/www.meslibellules.fr\/images\/coenagrionidae\/ischnura\/pumilio\/pum_femelle1\/pronotum_big.jpg\">Pronotum femelle<\/a><\/div>\n\n\n\n<div class=\"wp-block-button\"><a class=\"wp-block-button__link wp-element-button\" href=\"https:\/\/www.meslibellules.fr\/pagesweb\/coenagrionidae\/ischnura\/ischnura-pumilio\/ischnura-pumilio-accouplement-1.php\">Accouplement<\/a><\/div>\n\n\n\n<div class=\"wp-block-button\"><a class=\"wp-block-button__link wp-element-button\" href=\"https:\/\/www.meslibellules.fr\/pagesweb\/coenagrionidae\/ischnura\/ischnura-pumilio\/pum_ponte1.php\">Ponte<\/a><\/div>\n\n\n\n\n\n\n\n<div class=\"wp-block-button\"><a class=\"wp-block-button__link wp-element-button\" href=\"https:\/\/www.meslibellules.fr\/pagesweb\/identificatios\/identification-coenagrionidae\/identification-coenagrionidae-males.php\">Aide \u00e0 l&rsquo;identification<\/a><\/div>\n<\/div>\n","protected":false},"excerpt":{"rendered":"<p>Description \u2013 Identification Ischnura pumilio est le plus petit Coenagrionidae et le plus petit odonate de France, maintenant que Nehalennia speciosa est consid\u00e9r\u00e9 comme disparu. Les m\u00e2les mesurent entre 26 et 31 mm avec une aile post\u00e9rieure de 14 \u00e0 18 mm. Sur les sujets matures, les yeux sont bleus en dessous, noirs au-dessus et [&hellip;]<\/p>\n","protected":false},"author":1,"featured_media":0,"parent":0,"menu_order":0,"comment_status":"closed","ping_status":"closed","template":"","meta":{"site-sidebar-layout":"default","site-content-layout":"","ast-site-content-layout":"default","site-content-style":"default","site-sidebar-style":"default","ast-global-header-display":"","ast-banner-title-visibility":"","ast-main-header-display":"","ast-hfb-above-header-display":"","ast-hfb-below-header-display":"","ast-hfb-mobile-header-display":"","site-post-title":"","ast-breadcrumbs-content":"","ast-featured-img":"","footer-sml-layout":"","ast-disable-related-posts":"","theme-transparent-header-meta":"","adv-header-id-meta":"","stick-header-meta":"","header-above-stick-meta":"","header-main-stick-meta":"","header-below-stick-meta":"","astra-migrate-meta-layouts":"set","ast-page-background-enabled":"default","ast-page-background-meta":{"desktop":{"background-color":"var(--ast-global-color-4)","background-image":"","background-repeat":"repeat","background-position":"center center","background-size":"auto","background-attachment":"scroll","background-type":"","background-media":"","overlay-type":"","overlay-color":"","overlay-opacity":"","overlay-gradient":""},"tablet":{"background-color":"","background-image":"","background-repeat":"repeat","background-position":"center center","background-size":"auto","background-attachment":"scroll","background-type":"","background-media":"","overlay-type":"","overlay-color":"","overlay-opacity":"","overlay-gradient":""},"mobile":{"background-color":"","background-image":"","background-repeat":"repeat","background-position":"center center","background-size":"auto","background-attachment":"scroll","background-type":"","background-media":"","overlay-type":"","overlay-color":"","overlay-opacity":"","overlay-gradient":""}},"ast-content-background-meta":{"desktop":{"background-color":"var(--ast-global-color-5)","background-image":"","background-repeat":"repeat","background-position":"center center","background-size":"auto","background-attachment":"scroll","background-type":"","background-media":"","overlay-type":"","overlay-color":"","overlay-opacity":"","overlay-gradient":""},"tablet":{"background-color":"var(--ast-global-color-5)","background-image":"","background-repeat":"repeat","background-position":"center center","background-size":"auto","background-attachment":"scroll","background-type":"","background-media":"","overlay-type":"","overlay-color":"","overlay-opacity":"","overlay-gradient":""},"mobile":{"background-color":"var(--ast-global-color-5)","background-image":"","background-repeat":"repeat","background-position":"center center","background-size":"auto","background-attachment":"scroll","background-type":"","background-media":"","overlay-type":"","overlay-color":"","overlay-opacity":"","overlay-gradient":""}},"footnotes":""},"class_list":["post-18979","page","type-page","status-publish","hentry"],"yoast_head":"<!-- This site is optimized with the Yoast SEO plugin v27.4 - https:\/\/yoast.com\/product\/yoast-seo-wordpress\/ -->\n<title>Ischnura pumilio - Mes Libellules<\/title>\n<meta name=\"description\" content=\"Ischnura pumilio m\u00e2le et femelle, description, identification, taille, habitat, distribution g\u00e9ographique, \u00e9tymologie, photos d\u00e9taill\u00e9es\" \/>\n<meta name=\"robots\" content=\"index, follow, max-snippet:-1, max-image-preview:large, max-video-preview:-1\" \/>\n<link rel=\"canonical\" href=\"https:\/\/www.meslibellules.fr\/blog\/ischnura-pumilio\/\" \/>\n<meta property=\"og:locale\" content=\"fr_FR\" \/>\n<meta property=\"og:type\" content=\"article\" \/>\n<meta property=\"og:title\" content=\"Ischnura pumilio - Mes Libellules\" \/>\n<meta property=\"og:description\" content=\"Ischnura pumilio m\u00e2le et femelle, description, identification, taille, habitat, distribution g\u00e9ographique, \u00e9tymologie, photos d\u00e9taill\u00e9es\" \/>\n<meta property=\"og:url\" content=\"https:\/\/www.meslibellules.fr\/blog\/ischnura-pumilio\/\" \/>\n<meta property=\"og:site_name\" content=\"Mes Libellules\" \/>\n<meta property=\"article:publisher\" content=\"https:\/\/www.facebook.com\/benoit.guillon.96\/\" \/>\n<meta property=\"article:modified_time\" content=\"2025-10-18T17:23:34+00:00\" \/>\n<meta property=\"og:image\" content=\"https:\/\/www.meslibellules.fr\/blog\/wp-content\/uploads\/Ischnura-pumilio-male-2.webp\" \/>\n\t<meta property=\"og:image:width\" content=\"2039\" \/>\n\t<meta property=\"og:image:height\" content=\"1004\" \/>\n\t<meta property=\"og:image:type\" content=\"image\/webp\" \/>\n<meta name=\"twitter:card\" content=\"summary_large_image\" \/>\n<meta name=\"twitter:label1\" content=\"Dur\u00e9e de lecture estim\u00e9e\" \/>\n\t<meta name=\"twitter:data1\" content=\"5 minutes\" \/>\n<script type=\"application\/ld+json\" class=\"yoast-schema-graph\">{\"@context\":\"https:\\\/\\\/schema.org\",\"@graph\":[{\"@type\":\"WebPage\",\"@id\":\"https:\\\/\\\/www.meslibellules.fr\\\/blog\\\/ischnura-pumilio\\\/\",\"url\":\"https:\\\/\\\/www.meslibellules.fr\\\/blog\\\/ischnura-pumilio\\\/\",\"name\":\"Ischnura pumilio - Mes Libellules\",\"isPartOf\":{\"@id\":\"https:\\\/\\\/www.meslibellules.fr\\\/blog\\\/#website\"},\"primaryImageOfPage\":{\"@id\":\"https:\\\/\\\/www.meslibellules.fr\\\/blog\\\/ischnura-pumilio\\\/#primaryimage\"},\"image\":{\"@id\":\"https:\\\/\\\/www.meslibellules.fr\\\/blog\\\/ischnura-pumilio\\\/#primaryimage\"},\"thumbnailUrl\":\"https:\\\/\\\/www.meslibellules.fr\\\/blog\\\/wp-content\\\/uploads\\\/Ischnura-pumilio-male-2.webp\",\"datePublished\":\"2024-03-27T20:04:36+00:00\",\"dateModified\":\"2025-10-18T17:23:34+00:00\",\"description\":\"Ischnura pumilio m\u00e2le et femelle, description, identification, taille, habitat, distribution g\u00e9ographique, \u00e9tymologie, photos d\u00e9taill\u00e9es\",\"breadcrumb\":{\"@id\":\"https:\\\/\\\/www.meslibellules.fr\\\/blog\\\/ischnura-pumilio\\\/#breadcrumb\"},\"inLanguage\":\"fr-FR\",\"potentialAction\":[{\"@type\":\"ReadAction\",\"target\":[\"https:\\\/\\\/www.meslibellules.fr\\\/blog\\\/ischnura-pumilio\\\/\"]}]},{\"@type\":\"ImageObject\",\"inLanguage\":\"fr-FR\",\"@id\":\"https:\\\/\\\/www.meslibellules.fr\\\/blog\\\/ischnura-pumilio\\\/#primaryimage\",\"url\":\"https:\\\/\\\/www.meslibellules.fr\\\/blog\\\/wp-content\\\/uploads\\\/Ischnura-pumilio-male-2.webp\",\"contentUrl\":\"https:\\\/\\\/www.meslibellules.fr\\\/blog\\\/wp-content\\\/uploads\\\/Ischnura-pumilio-male-2.webp\"},{\"@type\":\"BreadcrumbList\",\"@id\":\"https:\\\/\\\/www.meslibellules.fr\\\/blog\\\/ischnura-pumilio\\\/#breadcrumb\",\"itemListElement\":[{\"@type\":\"ListItem\",\"position\":1,\"name\":\"Accueil\",\"item\":\"https:\\\/\\\/www.meslibellules.fr\\\/blog\\\/\"},{\"@type\":\"ListItem\",\"position\":2,\"name\":\"Ischnura pumilio (Charpentier, 1825)\"}]},{\"@type\":\"WebSite\",\"@id\":\"https:\\\/\\\/www.meslibellules.fr\\\/blog\\\/#website\",\"url\":\"https:\\\/\\\/www.meslibellules.fr\\\/blog\\\/\",\"name\":\"Mes Libellules\",\"description\":\"Pr\u00e9sentation des libellules rencontr\u00e9es dans le monde\",\"publisher\":{\"@id\":\"https:\\\/\\\/www.meslibellules.fr\\\/blog\\\/#\\\/schema\\\/person\\\/9aa3586f9dd053fcf329f43b8b053c77\"},\"potentialAction\":[{\"@type\":\"SearchAction\",\"target\":{\"@type\":\"EntryPoint\",\"urlTemplate\":\"https:\\\/\\\/www.meslibellules.fr\\\/blog\\\/?s={search_term_string}\"},\"query-input\":{\"@type\":\"PropertyValueSpecification\",\"valueRequired\":true,\"valueName\":\"search_term_string\"}}],\"inLanguage\":\"fr-FR\"},{\"@type\":[\"Person\",\"Organization\"],\"@id\":\"https:\\\/\\\/www.meslibellules.fr\\\/blog\\\/#\\\/schema\\\/person\\\/9aa3586f9dd053fcf329f43b8b053c77\",\"name\":\"Beno\u00eet Guillon\",\"image\":{\"@type\":\"ImageObject\",\"inLanguage\":\"fr-FR\",\"@id\":\"https:\\\/\\\/www.meslibellules.fr\\\/blog\\\/wp-content\\\/uploads\\\/cropped-avatar-150-pix.jpg\",\"url\":\"https:\\\/\\\/www.meslibellules.fr\\\/blog\\\/wp-content\\\/uploads\\\/cropped-avatar-150-pix.jpg\",\"contentUrl\":\"https:\\\/\\\/www.meslibellules.fr\\\/blog\\\/wp-content\\\/uploads\\\/cropped-avatar-150-pix.jpg\",\"width\":150,\"height\":137,\"caption\":\"Beno\u00eet Guillon\"},\"logo\":{\"@id\":\"https:\\\/\\\/www.meslibellules.fr\\\/blog\\\/wp-content\\\/uploads\\\/cropped-avatar-150-pix.jpg\"},\"sameAs\":[\"https:\\\/\\\/www.facebook.com\\\/benoit.guillon.96\\\/\"]}]}<\/script>\n<!-- \/ Yoast SEO plugin. -->","yoast_head_json":{"title":"Ischnura pumilio - Mes Libellules","description":"Ischnura pumilio m\u00e2le et femelle, description, identification, taille, habitat, distribution g\u00e9ographique, \u00e9tymologie, photos d\u00e9taill\u00e9es","robots":{"index":"index","follow":"follow","max-snippet":"max-snippet:-1","max-image-preview":"max-image-preview:large","max-video-preview":"max-video-preview:-1"},"canonical":"https:\/\/www.meslibellules.fr\/blog\/ischnura-pumilio\/","og_locale":"fr_FR","og_type":"article","og_title":"Ischnura pumilio - Mes Libellules","og_description":"Ischnura pumilio m\u00e2le et femelle, description, identification, taille, habitat, distribution g\u00e9ographique, \u00e9tymologie, photos d\u00e9taill\u00e9es","og_url":"https:\/\/www.meslibellules.fr\/blog\/ischnura-pumilio\/","og_site_name":"Mes Libellules","article_publisher":"https:\/\/www.facebook.com\/benoit.guillon.96\/","article_modified_time":"2025-10-18T17:23:34+00:00","og_image":[{"width":2039,"height":1004,"url":"https:\/\/www.meslibellules.fr\/blog\/wp-content\/uploads\/Ischnura-pumilio-male-2.webp","type":"image\/webp"}],"twitter_card":"summary_large_image","twitter_misc":{"Dur\u00e9e de lecture estim\u00e9e":"5 minutes"},"schema":{"@context":"https:\/\/schema.org","@graph":[{"@type":"WebPage","@id":"https:\/\/www.meslibellules.fr\/blog\/ischnura-pumilio\/","url":"https:\/\/www.meslibellules.fr\/blog\/ischnura-pumilio\/","name":"Ischnura pumilio - Mes Libellules","isPartOf":{"@id":"https:\/\/www.meslibellules.fr\/blog\/#website"},"primaryImageOfPage":{"@id":"https:\/\/www.meslibellules.fr\/blog\/ischnura-pumilio\/#primaryimage"},"image":{"@id":"https:\/\/www.meslibellules.fr\/blog\/ischnura-pumilio\/#primaryimage"},"thumbnailUrl":"https:\/\/www.meslibellules.fr\/blog\/wp-content\/uploads\/Ischnura-pumilio-male-2.webp","datePublished":"2024-03-27T20:04:36+00:00","dateModified":"2025-10-18T17:23:34+00:00","description":"Ischnura pumilio m\u00e2le et femelle, description, identification, taille, habitat, distribution g\u00e9ographique, \u00e9tymologie, photos d\u00e9taill\u00e9es","breadcrumb":{"@id":"https:\/\/www.meslibellules.fr\/blog\/ischnura-pumilio\/#breadcrumb"},"inLanguage":"fr-FR","potentialAction":[{"@type":"ReadAction","target":["https:\/\/www.meslibellules.fr\/blog\/ischnura-pumilio\/"]}]},{"@type":"ImageObject","inLanguage":"fr-FR","@id":"https:\/\/www.meslibellules.fr\/blog\/ischnura-pumilio\/#primaryimage","url":"https:\/\/www.meslibellules.fr\/blog\/wp-content\/uploads\/Ischnura-pumilio-male-2.webp","contentUrl":"https:\/\/www.meslibellules.fr\/blog\/wp-content\/uploads\/Ischnura-pumilio-male-2.webp"},{"@type":"BreadcrumbList","@id":"https:\/\/www.meslibellules.fr\/blog\/ischnura-pumilio\/#breadcrumb","itemListElement":[{"@type":"ListItem","position":1,"name":"Accueil","item":"https:\/\/www.meslibellules.fr\/blog\/"},{"@type":"ListItem","position":2,"name":"Ischnura pumilio (Charpentier, 1825)"}]},{"@type":"WebSite","@id":"https:\/\/www.meslibellules.fr\/blog\/#website","url":"https:\/\/www.meslibellules.fr\/blog\/","name":"Mes Libellules","description":"Pr\u00e9sentation des libellules rencontr\u00e9es dans le monde","publisher":{"@id":"https:\/\/www.meslibellules.fr\/blog\/#\/schema\/person\/9aa3586f9dd053fcf329f43b8b053c77"},"potentialAction":[{"@type":"SearchAction","target":{"@type":"EntryPoint","urlTemplate":"https:\/\/www.meslibellules.fr\/blog\/?s={search_term_string}"},"query-input":{"@type":"PropertyValueSpecification","valueRequired":true,"valueName":"search_term_string"}}],"inLanguage":"fr-FR"},{"@type":["Person","Organization"],"@id":"https:\/\/www.meslibellules.fr\/blog\/#\/schema\/person\/9aa3586f9dd053fcf329f43b8b053c77","name":"Beno\u00eet Guillon","image":{"@type":"ImageObject","inLanguage":"fr-FR","@id":"https:\/\/www.meslibellules.fr\/blog\/wp-content\/uploads\/cropped-avatar-150-pix.jpg","url":"https:\/\/www.meslibellules.fr\/blog\/wp-content\/uploads\/cropped-avatar-150-pix.jpg","contentUrl":"https:\/\/www.meslibellules.fr\/blog\/wp-content\/uploads\/cropped-avatar-150-pix.jpg","width":150,"height":137,"caption":"Beno\u00eet Guillon"},"logo":{"@id":"https:\/\/www.meslibellules.fr\/blog\/wp-content\/uploads\/cropped-avatar-150-pix.jpg"},"sameAs":["https:\/\/www.facebook.com\/benoit.guillon.96\/"]}]}},"_links":{"self":[{"href":"https:\/\/www.meslibellules.fr\/blog\/wp-json\/wp\/v2\/pages\/18979","targetHints":{"allow":["GET"]}}],"collection":[{"href":"https:\/\/www.meslibellules.fr\/blog\/wp-json\/wp\/v2\/pages"}],"about":[{"href":"https:\/\/www.meslibellules.fr\/blog\/wp-json\/wp\/v2\/types\/page"}],"author":[{"embeddable":true,"href":"https:\/\/www.meslibellules.fr\/blog\/wp-json\/wp\/v2\/users\/1"}],"replies":[{"embeddable":true,"href":"https:\/\/www.meslibellules.fr\/blog\/wp-json\/wp\/v2\/comments?post=18979"}],"version-history":[{"count":2,"href":"https:\/\/www.meslibellules.fr\/blog\/wp-json\/wp\/v2\/pages\/18979\/revisions"}],"predecessor-version":[{"id":26366,"href":"https:\/\/www.meslibellules.fr\/blog\/wp-json\/wp\/v2\/pages\/18979\/revisions\/26366"}],"wp:attachment":[{"href":"https:\/\/www.meslibellules.fr\/blog\/wp-json\/wp\/v2\/media?parent=18979"}],"curies":[{"name":"wp","href":"https:\/\/api.w.org\/{rel}","templated":true}]}}